{"id":930,"date":"2020-10-15T17:26:22","date_gmt":"2020-10-15T15:26:22","guid":{"rendered":"https:\/\/www.tinas-autorenwelt.de\/?page_id=930"},"modified":"2022-12-08T14:38:39","modified_gmt":"2022-12-08T13:38:39","slug":"kill-the-sub-2021","status":"publish","type":"page","link":"https:\/\/www.tinas-autorenwelt.de\/?page_id=930","title":{"rendered":"Kill the Sub 2021"},"content":{"rendered":"\n<p>2020 habe ich das erste Mal auf meiner Seite das Projekt Kill the Sub mit einigen Teilnehmern gestartet. Bisher (Oktober 2020) l\u00e4uft es aktiv und da bereits Interesse f\u00fcr 2021 besteht, entsteht hier die neue Seite dazu. <\/p>\n\n\n\n<p>F\u00fcr jede bis zum Jahresende gelesene Buch gibt es Punkte. Wer am Ende die meisten Punkte hat, gewinnt. <\/p>\n\n\n\n<h2 class=\"wp-block-heading\"><strong>Teilnahmebedingungen f\u00fcr Kill the SuB:<\/strong><\/h2>\n\n\n\n<ol class=\"wp-block-list\">\n<li>Meldet euch bei mir an und schickt mir euren Nickname. Ich trage euch gern in die Liste ein. Das geht hier \u00fcber das Kontaktformular. Ihr findet &#8222;Tinas Autorenwelt&#8220; aber auch bei Instagram und Facebook. Kinder stehen in der Liste mit einem (K).<\/li>\n\n\n\n<li>Gewertet werden alle B\u00fccher, die im Jahr 2021 begonnen und beendet und bis sp\u00e4testens 31.12.2021 um Mitternacht eingereicht werden.<\/li>\n\n\n\n<li>Gewertet werden Romane, Anthologien und alle B\u00fccher, die komplett gelesen wurden, mindestens aber 200 Seiten haben. (Die Mindestseitenzahl gilt nicht f\u00fcr Kinder.)<\/li>\n\n\n\n<li>Fachb\u00fccher, bei denen nur einzelne Kapitel gelesen werden, sind nicht g\u00fcltig.<\/li>\n\n\n\n<li>Wiederholt gelesene B\u00fccher sind nicht g\u00fcltig.<\/li>\n\n\n\n<li>Solltet ihr ein Buch einmal nicht auslesen, weil es euch \u00fcberhaupt nicht gef\u00e4llt, k\u00f6nnt ihr mich anschreiben. Voraussetzung ist, ihr habt mindestens 200 Seiten gelesen.<\/li>\n\n\n\n<li>Bitte reicht euer Buch mit folgenden Daten ein:<\/li>\n<\/ol>\n\n\n\n<ul class=\"wp-block-list\">\n<li>Nickname<\/li>\n\n\n\n<li>Titel und Autor des Buches<\/li>\n\n\n\n<li>Gelesene Seitenzahl der Printausgabe<\/li>\n\n\n\n<li>Anschaffung des Buches (2021, 2020, 2019, 2018 oder fr\u00fcher)<\/li>\n\n\n\n<li>Link zur Rezension (kein Muss)<\/li>\n\n\n\n<li>Bild vom Buch (kein Muss)<\/li>\n<\/ul>\n\n\n\n<p>8.Einmal monatlich werde ich die eingereichten B\u00fccher eintragen und die Liste aktualisieren.<\/p>\n\n\n<div class=\"visualizer-front-container\" id=\"chart_wrapper_visualizer-1019-1072634131\"><style type=\"text\/css\" name=\"visualizer-custom-css\" id=\"customcss-visualizer-1019\">.locker,.locker-loader{position:absolute;top:0;left:0;width:100%;height:100%}.locker{z-index:1000;opacity:.8;background-color:#fff;-ms-filter:\"progid:DXImageTransform.Microsoft.Alpha(Opacity=80)\";filter:alpha(opacity=80)}.locker-loader{z-index:1001;background:url(https:\/\/www.tinas-autorenwelt.de\/wp-content\/plugins\/visualizer\/images\/ajax-loader.gif) no-repeat center center}.dt-button{display:none!important}.visualizer-front-container.visualizer-lazy-render{content-visibility: auto;}.google-visualization-controls-categoryfilter label.google-visualization-controls-label {vertical-align: middle;}.google-visualization-controls-categoryfilter li.goog-inline-block {margin: 0 0.2em;}.google-visualization-controls-categoryfilter li {padding: 0 0.2em;}.visualizer-front-container .dataTables_scrollHeadInner{margin: 0 auto;}<\/style><div id=\"visualizer-1019-1072634131\" class=\"visualizer-front  visualizer-front-1019\"><\/div><!-- Not showing structured data for chart 1019 because description is empty --><\/div>\n\n\n<h2 class=\"wp-block-heading\"><strong>Punktevergabe:<\/strong><\/h2>\n\n\n\n<ol class=\"wp-block-list\">\n<li>Pro 100 gelesener Seiten gibt es 1 Punkt. Minimum pro Buch sind 200 Seite. (Bsp: Ein Buch hat 291 Seiten = 2 Punkte, ein Buch hat 301 Seiten = 3 Punkte) &#8211; Bei Kindern wird aufgerundet. (Beispiel 250 Seiten = 3 Punkte)<\/li>\n\n\n\n<li>Ist das Buch eine Fortsetzung in einer mehrteiligen Reihe, gibt es 1 Punkt zus\u00e4tzlich.<\/li>\n\n\n\n<li>Ist das Buch im Jahr 2020 bei euch eingezogen, gibt es 1 Punkt zus\u00e4tzlich.<\/li>\n\n\n\n<li>Ist das Buch im Jahr 2019 bei euch eingezogen, gibt es 2 Punkte zus\u00e4tzlich.<\/li>\n\n\n\n<li>Ist das Buch 2018 oder fr\u00fcher bei euch eingezogen, gibt es 3 Punkte zus\u00e4tzlich.<\/li>\n\n\n\n<li>Stammt das Buch von der Autorin Tina Reinhardt, gibt es 1 Punkt zus\u00e4tzlich.<\/li>\n\n\n\n<li>Wird eine Rezension zu dem Buch verfasst und der Link geteilt, gibt es 1 Punkt zus\u00e4tzlich. Pro Buch ist nur ein Rezensionspunkt m\u00f6glich. Dabei spielt es keine Rolle, ob die Rezension auf Sozialen Netzwerken oder in Onlineshops gepostet wird. &#8211; Bei Kindern werden auch Schul-Pr\u00e4sentationen als Rezension gewertet (Beispiel Poster).<\/li>\n<\/ol>\n\n\n\n<p>Beispielrechnung: Ich lese ein Buch mit 350 Seiten von Tina Reinhardt, welches ich im Jahr 2018 bekommen habe. Dann erhalte ich 3 Punkte f\u00fcr die Seiten, 1 Punkt, weil das Buch von Tina Reinhardt ist und 2 Punkte, weil das Buch im Jahr 2019 eingezogen ist. Gesamt macht das 6 Punkte. <\/p>\n\n\n\n<p>Au\u00dferdem m\u00f6chte ich auf dieser Seite eine kleine Bildergalerie zu den gelesenen B\u00fcchern entstehen lassen. Daher bitte ich euch, gelesene B\u00fccher kurz zu fotografieren und sie mit der Nachricht zum Buch mitzusenden. <\/p>\n\n\n<div class=\"visualizer-front-container\" id=\"chart_wrapper_visualizer-631-618577153\"><style type=\"text\/css\" name=\"visualizer-custom-css\" id=\"customcss-visualizer-631\">.locker,.locker-loader{position:absolute;top:0;left:0;width:100%;height:100%}.locker{z-index:1000;opacity:.8;background-color:#fff;-ms-filter:\"progid:DXImageTransform.Microsoft.Alpha(Opacity=80)\";filter:alpha(opacity=80)}.locker-loader{z-index:1001;background:url(https:\/\/www.tinas-autorenwelt.de\/wp-content\/plugins\/visualizer\/images\/ajax-loader.gif) no-repeat center center}.dt-button{display:none!important}.visualizer-front-container.visualizer-lazy-render{content-visibility: auto;}.google-visualization-controls-categoryfilter label.google-visualization-controls-label {vertical-align: middle;}.google-visualization-controls-categoryfilter li.goog-inline-block {margin: 0 0.2em;}.google-visualization-controls-categoryfilter li {padding: 0 0.2em;}.visualizer-front-container .dataTables_scrollHeadInner{margin: 0 auto;}<\/style><div id=\"visualizer-631-618577153\" class=\"visualizer-front  visualizer-front-631\"><\/div><!-- Not showing structured data for chart 631 because description is empty --><\/div>\n\n\n<h2 class=\"wp-block-heading\"><strong>Teilnehmer:<\/strong><\/h2>\n\n\n\n<ol class=\"wp-block-list\">\n<li>Tinas Autorenwelt (34 Punkte)<\/li>\n\n\n\n<li>Mich(a)elle (33 Punkte)<\/li>\n\n\n\n<li>Simon (K) (26 Punkte)<\/li>\n\n\n\n<li>Katzenflieder (24 Punkte)<\/li>\n\n\n\n<li>Juli85 (15 Punkte)<\/li>\n\n\n\n<li>Sturmfall (K) (6 Punkte)<\/li>\n\n\n\n<li>Steffi (5 Punkte)<\/li>\n\n\n\n<li>Jule (0 Punkte)<\/li>\n\n\n\n<li>Jasmin (0 Punkte)<\/li>\n<\/ol>\n\n\n<p><!--EndFragment--><\/p>\n\n<style type=\"text\/css\">\n\t#foogallery-gallery-1008 .fg-image {\n        width: 150px;\n    }\n<\/style>\n\t\t\t\t<div class=\"foogallery foogallery-container foogallery-default foogallery-lightbox-none fg-gutter-10 fg-center fg-default fg-light fg-border-thin fg-shadow-outline fg-loading-default fg-loaded-fade-in fg-caption-hover fg-hover-fade fg-hover-zoom fg-ready\" id=\"foogallery-gallery-1008\" data-foogallery=\"{&quot;item&quot;:{&quot;showCaptionTitle&quot;:true,&quot;showCaptionDescription&quot;:true},&quot;lazy&quot;:true}\" >\n\t<div class=\"fg-item fg-type-image fg-idle\"><figure class=\"fg-item-inner\"><a href=\"https:\/\/www.tinas-autorenwelt.de\/wp-content\/uploads\/2021\/01\/Was-fehlt-wenn-ich-verschwunden-bin.png\" data-caption-title=\"Was fehlt wenn ich verschwunden bin\" data-attachment-id=\"1152\" data-type=\"image\" class=\"fg-thumb\"><span class=\"fg-image-wrap\"><img decoding=\"async\" title=\"Was fehlt wenn ich verschwunden bin\" width=\"150\" height=\"150\" class=\"skip-lazy fg-image\" data-src-fg=\"https:\/\/www.tinas-autorenwelt.de\/wp-content\/uploads\/cache\/2021\/01\/Was-fehlt-wenn-ich-verschwunden-bin\/4186584848.png\" src=\"data:image\/svg+xml,%3Csvg%20xmlns%3D%22http%3A%2F%2Fwww.w3.org%2F2000%2Fsvg%22%20width%3D%22150%22%20height%3D%22150%22%20viewBox%3D%220%200%20150%20150%22%3E%3C%2Fsvg%3E\" loading=\"eager\"><\/span><span class=\"fg-image-overlay\"><\/span><\/a><figcaption class=\"fg-caption\"><div class=\"fg-caption-inner\"><div class=\"fg-caption-title\">Was fehlt wenn ich verschwunden bin<\/div><\/div><\/figcaption><\/figure><div class=\"fg-loader\"><\/div><\/div><div class=\"fg-item fg-type-image fg-idle\"><figure class=\"fg-item-inner\"><a href=\"https:\/\/www.tinas-autorenwelt.de\/wp-content\/uploads\/2021\/01\/Chronik-des-Cthulhu-Mythos-2.png\" data-caption-title=\"Chronik des Cthulhu-Mythos 2\" data-attachment-id=\"1151\" data-type=\"image\" class=\"fg-thumb\"><span class=\"fg-image-wrap\"><img decoding=\"async\" title=\"Chronik des Cthulhu-Mythos 2\" width=\"150\" height=\"150\" class=\"skip-lazy fg-image\" data-src-fg=\"https:\/\/www.tinas-autorenwelt.de\/wp-content\/uploads\/cache\/2021\/01\/Chronik-des-Cthulhu-Mythos-2\/3250475326.png\" src=\"data:image\/svg+xml,%3Csvg%20xmlns%3D%22http%3A%2F%2Fwww.w3.org%2F2000%2Fsvg%22%20width%3D%22150%22%20height%3D%22150%22%20viewBox%3D%220%200%20150%20150%22%3E%3C%2Fsvg%3E\" loading=\"eager\"><\/span><span class=\"fg-image-overlay\"><\/span><\/a><figcaption class=\"fg-caption\"><div class=\"fg-caption-inner\"><div class=\"fg-caption-title\">Chronik des Cthulhu-Mythos 2<\/div><\/div><\/figcaption><\/figure><div class=\"fg-loader\"><\/div><\/div><div class=\"fg-item fg-type-image fg-idle\"><figure class=\"fg-item-inner\"><a href=\"https:\/\/www.tinas-autorenwelt.de\/wp-content\/uploads\/2021\/01\/Can-you-help-me-find-you.png\" data-caption-title=\"Can you help me find you?\" data-attachment-id=\"1140\" data-type=\"image\" class=\"fg-thumb\"><span class=\"fg-image-wrap\"><img decoding=\"async\" title=\"Can you help me find you?\" width=\"150\" height=\"150\" class=\"skip-lazy fg-image\" data-src-fg=\"https:\/\/www.tinas-autorenwelt.de\/wp-content\/uploads\/cache\/2021\/01\/Can-you-help-me-find-you\/1068275922.png\" src=\"data:image\/svg+xml,%3Csvg%20xmlns%3D%22http%3A%2F%2Fwww.w3.org%2F2000%2Fsvg%22%20width%3D%22150%22%20height%3D%22150%22%20viewBox%3D%220%200%20150%20150%22%3E%3C%2Fsvg%3E\" loading=\"eager\"><\/span><span class=\"fg-image-overlay\"><\/span><\/a><figcaption class=\"fg-caption\"><div class=\"fg-caption-inner\"><div class=\"fg-caption-title\">Can you help me find you?<\/div><\/div><\/figcaption><\/figure><div class=\"fg-loader\"><\/div><\/div><div class=\"fg-item fg-type-image fg-idle\"><figure class=\"fg-item-inner\"><a href=\"https:\/\/www.tinas-autorenwelt.de\/wp-content\/uploads\/2021\/01\/City-Paradise.jpg\" data-caption-title=\"City Paradise\" data-attachment-id=\"1139\" data-type=\"image\" class=\"fg-thumb\"><span class=\"fg-image-wrap\"><img decoding=\"async\" title=\"City Paradise\" width=\"150\" height=\"150\" class=\"skip-lazy fg-image\" data-src-fg=\"https:\/\/www.tinas-autorenwelt.de\/wp-content\/uploads\/cache\/2021\/01\/City-Paradise\/2011675612.jpg\" src=\"data:image\/svg+xml,%3Csvg%20xmlns%3D%22http%3A%2F%2Fwww.w3.org%2F2000%2Fsvg%22%20width%3D%22150%22%20height%3D%22150%22%20viewBox%3D%220%200%20150%20150%22%3E%3C%2Fsvg%3E\" loading=\"eager\"><\/span><span class=\"fg-image-overlay\"><\/span><\/a><figcaption class=\"fg-caption\"><div class=\"fg-caption-inner\"><div class=\"fg-caption-title\">City Paradise<\/div><\/div><\/figcaption><\/figure><div class=\"fg-loader\"><\/div><\/div><div class=\"fg-item fg-type-image fg-idle\"><figure class=\"fg-item-inner\"><a href=\"https:\/\/www.tinas-autorenwelt.de\/wp-content\/uploads\/2021\/01\/Die-stille-Bestie.png\" data-caption-title=\"Die stille Bestie\" data-attachment-id=\"1125\" data-type=\"image\" class=\"fg-thumb\"><span class=\"fg-image-wrap\"><img decoding=\"async\" title=\"Die stille Bestie\" width=\"150\" height=\"150\" class=\"skip-lazy fg-image\" data-src-fg=\"https:\/\/www.tinas-autorenwelt.de\/wp-content\/uploads\/cache\/2021\/01\/Die-stille-Bestie\/3604041714.png\" src=\"data:image\/svg+xml,%3Csvg%20xmlns%3D%22http%3A%2F%2Fwww.w3.org%2F2000%2Fsvg%22%20width%3D%22150%22%20height%3D%22150%22%20viewBox%3D%220%200%20150%20150%22%3E%3C%2Fsvg%3E\" loading=\"eager\"><\/span><span class=\"fg-image-overlay\"><\/span><\/a><figcaption class=\"fg-caption\"><div class=\"fg-caption-inner\"><div class=\"fg-caption-title\">Die stille Bestie<\/div><\/div><\/figcaption><\/figure><div class=\"fg-loader\"><\/div><\/div><div class=\"fg-item fg-type-image fg-idle\"><figure class=\"fg-item-inner\"><a href=\"https:\/\/www.tinas-autorenwelt.de\/wp-content\/uploads\/2021\/01\/Fukk.jpeg\" data-caption-title=\"Fukk\" data-attachment-id=\"1099\" data-type=\"image\" class=\"fg-thumb\"><span class=\"fg-image-wrap\"><img decoding=\"async\" title=\"Fukk\" width=\"150\" height=\"150\" class=\"skip-lazy fg-image\" data-src-fg=\"https:\/\/www.tinas-autorenwelt.de\/wp-content\/uploads\/cache\/2021\/01\/Fukk\/1724855758.jpeg\" src=\"data:image\/svg+xml,%3Csvg%20xmlns%3D%22http%3A%2F%2Fwww.w3.org%2F2000%2Fsvg%22%20width%3D%22150%22%20height%3D%22150%22%20viewBox%3D%220%200%20150%20150%22%3E%3C%2Fsvg%3E\" loading=\"eager\"><\/span><span class=\"fg-image-overlay\"><\/span><\/a><figcaption class=\"fg-caption\"><div class=\"fg-caption-inner\"><div class=\"fg-caption-title\">Fukk<\/div><\/div><\/figcaption><\/figure><div class=\"fg-loader\"><\/div><\/div><div class=\"fg-item fg-type-image fg-idle\"><figure class=\"fg-item-inner\"><a href=\"https:\/\/www.tinas-autorenwelt.de\/wp-content\/uploads\/2021\/01\/Sexuell-verfuegbar.jpeg\" data-caption-title=\"Sexuell verf\u00fcgbar\" data-attachment-id=\"1101\" data-type=\"image\" class=\"fg-thumb\"><span class=\"fg-image-wrap\"><img decoding=\"async\" title=\"Sexuell verf\u00fcgbar\" width=\"150\" height=\"150\" class=\"skip-lazy fg-image\" data-src-fg=\"https:\/\/www.tinas-autorenwelt.de\/wp-content\/uploads\/cache\/2021\/01\/Sexuell-verfuegbar\/3581552110.jpeg\" src=\"data:image\/svg+xml,%3Csvg%20xmlns%3D%22http%3A%2F%2Fwww.w3.org%2F2000%2Fsvg%22%20width%3D%22150%22%20height%3D%22150%22%20viewBox%3D%220%200%20150%20150%22%3E%3C%2Fsvg%3E\" loading=\"eager\"><\/span><span class=\"fg-image-overlay\"><\/span><\/a><figcaption class=\"fg-caption\"><div class=\"fg-caption-inner\"><div class=\"fg-caption-title\">Sexuell verf\u00fcgbar<\/div><\/div><\/figcaption><\/figure><div class=\"fg-loader\"><\/div><\/div><div class=\"fg-item fg-type-image fg-idle\"><figure class=\"fg-item-inner\"><a href=\"https:\/\/www.tinas-autorenwelt.de\/wp-content\/uploads\/2021\/01\/Offline-e1623326243947.png\" data-caption-title=\"Offline\" data-attachment-id=\"1100\" data-type=\"image\" class=\"fg-thumb\"><span class=\"fg-image-wrap\"><img decoding=\"async\" title=\"Offline\" width=\"150\" height=\"150\" class=\"skip-lazy fg-image\" data-src-fg=\"https:\/\/www.tinas-autorenwelt.de\/wp-content\/uploads\/cache\/2021\/01\/Offline-e1623326243947\/133235190.png\" src=\"data:image\/svg+xml,%3Csvg%20xmlns%3D%22http%3A%2F%2Fwww.w3.org%2F2000%2Fsvg%22%20width%3D%22150%22%20height%3D%22150%22%20viewBox%3D%220%200%20150%20150%22%3E%3C%2Fsvg%3E\" loading=\"eager\"><\/span><span class=\"fg-image-overlay\"><\/span><\/a><figcaption class=\"fg-caption\"><div class=\"fg-caption-inner\"><div class=\"fg-caption-title\">Offline<\/div><\/div><\/figcaption><\/figure><div class=\"fg-loader\"><\/div><\/div><div class=\"fg-item fg-type-image fg-idle\"><figure class=\"fg-item-inner\"><a href=\"https:\/\/www.tinas-autorenwelt.de\/wp-content\/uploads\/2021\/01\/Fliegender-Stern.jpeg\" data-caption-title=\"Fliegender Stern\" data-attachment-id=\"1098\" data-type=\"image\" class=\"fg-thumb\"><span class=\"fg-image-wrap\"><img decoding=\"async\" title=\"Fliegender Stern\" width=\"150\" height=\"150\" class=\"skip-lazy fg-image\" data-src-fg=\"https:\/\/www.tinas-autorenwelt.de\/wp-content\/uploads\/cache\/2021\/01\/Fliegender-Stern\/653208240.jpeg\" src=\"data:image\/svg+xml,%3Csvg%20xmlns%3D%22http%3A%2F%2Fwww.w3.org%2F2000%2Fsvg%22%20width%3D%22150%22%20height%3D%22150%22%20viewBox%3D%220%200%20150%20150%22%3E%3C%2Fsvg%3E\" loading=\"eager\"><\/span><span class=\"fg-image-overlay\"><\/span><\/a><figcaption class=\"fg-caption\"><div class=\"fg-caption-inner\"><div class=\"fg-caption-title\">Fliegender Stern<\/div><\/div><\/figcaption><\/figure><div class=\"fg-loader\"><\/div><\/div><div class=\"fg-item fg-type-image fg-idle\"><figure class=\"fg-item-inner\"><a href=\"https:\/\/www.tinas-autorenwelt.de\/wp-content\/uploads\/2021\/01\/Max-und-Moritz.jpg\" data-caption-title=\"Max und Moritz\" data-attachment-id=\"1087\" data-type=\"image\" class=\"fg-thumb\"><span class=\"fg-image-wrap\"><img decoding=\"async\" title=\"Max und Moritz\" width=\"150\" height=\"150\" class=\"skip-lazy fg-image\" data-src-fg=\"https:\/\/www.tinas-autorenwelt.de\/wp-content\/uploads\/cache\/2021\/01\/Max-und-Moritz\/1136002176.jpg\" src=\"data:image\/svg+xml,%3Csvg%20xmlns%3D%22http%3A%2F%2Fwww.w3.org%2F2000%2Fsvg%22%20width%3D%22150%22%20height%3D%22150%22%20viewBox%3D%220%200%20150%20150%22%3E%3C%2Fsvg%3E\" loading=\"eager\"><\/span><span class=\"fg-image-overlay\"><\/span><\/a><figcaption class=\"fg-caption\"><div class=\"fg-caption-inner\"><div class=\"fg-caption-title\">Max und Moritz<\/div><\/div><\/figcaption><\/figure><div class=\"fg-loader\"><\/div><\/div><div class=\"fg-item fg-type-image fg-idle\"><figure class=\"fg-item-inner\"><a href=\"https:\/\/www.tinas-autorenwelt.de\/wp-content\/uploads\/2021\/01\/Die-drei-Fragezeichen-e1620747566279.jpg\" data-caption-title=\"Die drei Fragezeichen\" data-attachment-id=\"1085\" data-type=\"image\" class=\"fg-thumb\"><span class=\"fg-image-wrap\"><img decoding=\"async\" title=\"Die drei Fragezeichen\" width=\"150\" height=\"150\" class=\"skip-lazy fg-image\" data-src-fg=\"https:\/\/www.tinas-autorenwelt.de\/wp-content\/uploads\/cache\/2021\/01\/Die-drei-Fragezeichen-e1620747566279\/30282235.jpg\" src=\"data:image\/svg+xml,%3Csvg%20xmlns%3D%22http%3A%2F%2Fwww.w3.org%2F2000%2Fsvg%22%20width%3D%22150%22%20height%3D%22150%22%20viewBox%3D%220%200%20150%20150%22%3E%3C%2Fsvg%3E\" loading=\"eager\"><\/span><span class=\"fg-image-overlay\"><\/span><\/a><figcaption class=\"fg-caption\"><div class=\"fg-caption-inner\"><div class=\"fg-caption-title\">Die drei Fragezeichen<\/div><\/div><\/figcaption><\/figure><div class=\"fg-loader\"><\/div><\/div><div class=\"fg-item fg-type-image fg-idle\"><figure class=\"fg-item-inner\"><a href=\"https:\/\/www.tinas-autorenwelt.de\/wp-content\/uploads\/2021\/01\/Madame-Nina.jpg\" data-caption-title=\"Madame Nina\" data-attachment-id=\"1086\" data-type=\"image\" class=\"fg-thumb\"><span class=\"fg-image-wrap\"><img decoding=\"async\" title=\"Madame Nina\" width=\"150\" height=\"150\" class=\"skip-lazy fg-image\" data-src-fg=\"https:\/\/www.tinas-autorenwelt.de\/wp-content\/uploads\/cache\/2021\/01\/Madame-Nina\/3691462400.jpg\" src=\"data:image\/svg+xml,%3Csvg%20xmlns%3D%22http%3A%2F%2Fwww.w3.org%2F2000%2Fsvg%22%20width%3D%22150%22%20height%3D%22150%22%20viewBox%3D%220%200%20150%20150%22%3E%3C%2Fsvg%3E\" loading=\"eager\"><\/span><span class=\"fg-image-overlay\"><\/span><\/a><figcaption class=\"fg-caption\"><div class=\"fg-caption-inner\"><div class=\"fg-caption-title\">Madame Nina<\/div><\/div><\/figcaption><\/figure><div class=\"fg-loader\"><\/div><\/div><div class=\"fg-item fg-type-image fg-idle\"><figure class=\"fg-item-inner\"><a href=\"https:\/\/www.tinas-autorenwelt.de\/wp-content\/uploads\/2021\/01\/Morgen-kommt-ein-neuer-Himmel.jpg\" data-caption-title=\"Morgen kommt ein neuer Himmel\" data-attachment-id=\"1088\" data-type=\"image\" class=\"fg-thumb\"><span class=\"fg-image-wrap\"><img decoding=\"async\" title=\"Morgen kommt ein neuer Himmel\" width=\"150\" height=\"150\" class=\"skip-lazy fg-image\" data-src-fg=\"https:\/\/www.tinas-autorenwelt.de\/wp-content\/uploads\/cache\/2021\/01\/Morgen-kommt-ein-neuer-Himmel\/1080098628.jpg\" src=\"data:image\/svg+xml,%3Csvg%20xmlns%3D%22http%3A%2F%2Fwww.w3.org%2F2000%2Fsvg%22%20width%3D%22150%22%20height%3D%22150%22%20viewBox%3D%220%200%20150%20150%22%3E%3C%2Fsvg%3E\" loading=\"eager\"><\/span><span class=\"fg-image-overlay\"><\/span><\/a><figcaption class=\"fg-caption\"><div class=\"fg-caption-inner\"><div class=\"fg-caption-title\">Morgen kommt ein neuer Himmel<\/div><\/div><\/figcaption><\/figure><div class=\"fg-loader\"><\/div><\/div><div class=\"fg-item fg-type-image fg-idle\"><figure class=\"fg-item-inner\"><a href=\"https:\/\/www.tinas-autorenwelt.de\/wp-content\/uploads\/2021\/01\/Die-drei-Fragezeichen-Mission-Goldhund..jpg\" data-attachment-id=\"1050\" data-type=\"image\" class=\"fg-thumb\"><span class=\"fg-image-wrap\"><img decoding=\"async\" width=\"150\" height=\"150\" class=\"skip-lazy fg-image\" data-src-fg=\"https:\/\/www.tinas-autorenwelt.de\/wp-content\/uploads\/cache\/2021\/01\/Die-drei-Fragezeichen-Mission-Goldhund_\/3532124716.jpg\" src=\"data:image\/svg+xml,%3Csvg%20xmlns%3D%22http%3A%2F%2Fwww.w3.org%2F2000%2Fsvg%22%20width%3D%22150%22%20height%3D%22150%22%20viewBox%3D%220%200%20150%20150%22%3E%3C%2Fsvg%3E\" loading=\"eager\"><\/span><span class=\"fg-image-overlay\"><\/span><\/a><figcaption class=\"fg-caption\"><div class=\"fg-caption-inner\"><\/div><\/figcaption><\/figure><div class=\"fg-loader\"><\/div><\/div><div class=\"fg-item fg-type-image fg-idle\"><figure class=\"fg-item-inner\"><a href=\"https:\/\/www.tinas-autorenwelt.de\/wp-content\/uploads\/2021\/01\/Harry-Potter-und-die-Kammer-des-Schreckens-e1617621072164.jpg\" data-caption-title=\"Harry Potter und die Kammer des Schreckens\" data-attachment-id=\"1052\" data-type=\"image\" class=\"fg-thumb\"><span class=\"fg-image-wrap\"><img decoding=\"async\" title=\"Harry Potter und die Kammer des Schreckens\" width=\"150\" height=\"150\" class=\"skip-lazy fg-image\" data-src-fg=\"https:\/\/www.tinas-autorenwelt.de\/wp-content\/uploads\/cache\/2021\/01\/Harry-Potter-und-die-Kammer-des-Schreckens-e1617621072164\/620547712.jpg\" src=\"data:image\/svg+xml,%3Csvg%20xmlns%3D%22http%3A%2F%2Fwww.w3.org%2F2000%2Fsvg%22%20width%3D%22150%22%20height%3D%22150%22%20viewBox%3D%220%200%20150%20150%22%3E%3C%2Fsvg%3E\" loading=\"eager\"><\/span><span class=\"fg-image-overlay\"><\/span><\/a><figcaption class=\"fg-caption\"><div class=\"fg-caption-inner\"><div class=\"fg-caption-title\">Harry Potter und die Kammer des Schreckens<\/div><\/div><\/figcaption><\/figure><div class=\"fg-loader\"><\/div><\/div><div class=\"fg-item fg-type-image fg-idle\"><figure class=\"fg-item-inner\"><a href=\"https:\/\/www.tinas-autorenwelt.de\/wp-content\/uploads\/2021\/01\/Ein-Faultier-geht-zur-Schule.jpg\" data-caption-title=\"Ein Faultier geht zur Schule\" data-attachment-id=\"1051\" data-type=\"image\" class=\"fg-thumb\"><span class=\"fg-image-wrap\"><img decoding=\"async\" title=\"Ein Faultier geht zur Schule\" width=\"150\" height=\"150\" class=\"skip-lazy fg-image\" data-src-fg=\"https:\/\/www.tinas-autorenwelt.de\/wp-content\/uploads\/cache\/2021\/01\/Ein-Faultier-geht-zur-Schule\/3359996233.jpg\" src=\"data:image\/svg+xml,%3Csvg%20xmlns%3D%22http%3A%2F%2Fwww.w3.org%2F2000%2Fsvg%22%20width%3D%22150%22%20height%3D%22150%22%20viewBox%3D%220%200%20150%20150%22%3E%3C%2Fsvg%3E\" loading=\"eager\"><\/span><span class=\"fg-image-overlay\"><\/span><\/a><figcaption class=\"fg-caption\"><div class=\"fg-caption-inner\"><div class=\"fg-caption-title\">Ein Faultier geht zur Schule<\/div><\/div><\/figcaption><\/figure><div class=\"fg-loader\"><\/div><\/div><div class=\"fg-item fg-type-image fg-idle\"><figure class=\"fg-item-inner\"><a href=\"https:\/\/www.tinas-autorenwelt.de\/wp-content\/uploads\/2021\/01\/Der-Knochenbrecher.jpg\" data-caption-title=\"Der Knochenbrecher\" data-attachment-id=\"1053\" data-type=\"image\" class=\"fg-thumb\"><span class=\"fg-image-wrap\"><img decoding=\"async\" title=\"Der Knochenbrecher\" width=\"150\" height=\"150\" class=\"skip-lazy fg-image\" data-src-fg=\"https:\/\/www.tinas-autorenwelt.de\/wp-content\/uploads\/cache\/2021\/01\/Der-Knochenbrecher\/1808683812.jpg\" src=\"data:image\/svg+xml,%3Csvg%20xmlns%3D%22http%3A%2F%2Fwww.w3.org%2F2000%2Fsvg%22%20width%3D%22150%22%20height%3D%22150%22%20viewBox%3D%220%200%20150%20150%22%3E%3C%2Fsvg%3E\" loading=\"eager\"><\/span><span class=\"fg-image-overlay\"><\/span><\/a><figcaption class=\"fg-caption\"><div class=\"fg-caption-inner\"><div class=\"fg-caption-title\">Der Knochenbrecher<\/div><\/div><\/figcaption><\/figure><div class=\"fg-loader\"><\/div><\/div><div class=\"fg-item fg-type-image fg-idle\"><figure class=\"fg-item-inner\"><a href=\"https:\/\/www.tinas-autorenwelt.de\/wp-content\/uploads\/2021\/01\/Jakobus-Nimmersatt.png\" data-caption-title=\"Jakobus Nimmersatt\" data-attachment-id=\"1023\" data-type=\"image\" class=\"fg-thumb\"><span class=\"fg-image-wrap\"><img decoding=\"async\" title=\"Jakobus Nimmersatt\" width=\"150\" height=\"150\" class=\"skip-lazy fg-image\" data-src-fg=\"https:\/\/www.tinas-autorenwelt.de\/wp-content\/uploads\/cache\/2021\/01\/Jakobus-Nimmersatt\/1821484215.png\" src=\"data:image\/svg+xml,%3Csvg%20xmlns%3D%22http%3A%2F%2Fwww.w3.org%2F2000%2Fsvg%22%20width%3D%22150%22%20height%3D%22150%22%20viewBox%3D%220%200%20150%20150%22%3E%3C%2Fsvg%3E\" loading=\"eager\"><\/span><span class=\"fg-image-overlay\"><\/span><\/a><figcaption class=\"fg-caption\"><div class=\"fg-caption-inner\"><div class=\"fg-caption-title\">Jakobus Nimmersatt<\/div><\/div><\/figcaption><\/figure><div class=\"fg-loader\"><\/div><\/div><div class=\"fg-item fg-type-image fg-idle\"><figure class=\"fg-item-inner\"><a href=\"https:\/\/www.tinas-autorenwelt.de\/wp-content\/uploads\/2021\/01\/Dream-men-come-true.jpg\" data-caption-title=\"Dream men come true\" data-attachment-id=\"1036\" data-type=\"image\" class=\"fg-thumb\"><span class=\"fg-image-wrap\"><img decoding=\"async\" title=\"Dream men come true\" width=\"150\" height=\"150\" class=\"skip-lazy fg-image\" data-src-fg=\"https:\/\/www.tinas-autorenwelt.de\/wp-content\/uploads\/cache\/2021\/01\/Dream-men-come-true\/3294375043.jpg\" src=\"data:image\/svg+xml,%3Csvg%20xmlns%3D%22http%3A%2F%2Fwww.w3.org%2F2000%2Fsvg%22%20width%3D%22150%22%20height%3D%22150%22%20viewBox%3D%220%200%20150%20150%22%3E%3C%2Fsvg%3E\" loading=\"eager\"><\/span><span class=\"fg-image-overlay\"><\/span><\/a><figcaption class=\"fg-caption\"><div class=\"fg-caption-inner\"><div class=\"fg-caption-title\">Dream men come true<\/div><\/div><\/figcaption><\/figure><div class=\"fg-loader\"><\/div><\/div><div class=\"fg-item fg-type-image fg-idle\"><figure class=\"fg-item-inner\"><a href=\"https:\/\/www.tinas-autorenwelt.de\/wp-content\/uploads\/2021\/01\/Darm.jpg\" data-caption-title=\"Darm mit Charme\" data-attachment-id=\"1035\" data-type=\"image\" class=\"fg-thumb\"><span class=\"fg-image-wrap\"><img decoding=\"async\" title=\"Darm mit Charme\" width=\"150\" height=\"150\" class=\"skip-lazy fg-image\" data-src-fg=\"https:\/\/www.tinas-autorenwelt.de\/wp-content\/uploads\/cache\/2021\/01\/Darm\/373962010.jpg\" src=\"data:image\/svg+xml,%3Csvg%20xmlns%3D%22http%3A%2F%2Fwww.w3.org%2F2000%2Fsvg%22%20width%3D%22150%22%20height%3D%22150%22%20viewBox%3D%220%200%20150%20150%22%3E%3C%2Fsvg%3E\" loading=\"eager\"><\/span><span class=\"fg-image-overlay\"><\/span><\/a><figcaption class=\"fg-caption\"><div class=\"fg-caption-inner\"><div class=\"fg-caption-title\">Darm mit Charme<\/div><\/div><\/figcaption><\/figure><div class=\"fg-loader\"><\/div><\/div><div class=\"fg-item fg-type-image fg-idle\"><figure class=\"fg-item-inner\"><a href=\"https:\/\/www.tinas-autorenwelt.de\/wp-content\/uploads\/2021\/01\/IMG-20210317-WA0004.jpg\" data-caption-title=\"Wenn Rache nicht gen\u00fcgt\" data-attachment-id=\"1037\" data-type=\"image\" class=\"fg-thumb\"><span class=\"fg-image-wrap\"><img decoding=\"async\" title=\"Wenn Rache nicht gen\u00fcgt\" width=\"150\" height=\"150\" class=\"skip-lazy fg-image\" data-src-fg=\"https:\/\/www.tinas-autorenwelt.de\/wp-content\/uploads\/cache\/2021\/01\/IMG-20210317-WA0004\/2200138223.jpg\" src=\"data:image\/svg+xml,%3Csvg%20xmlns%3D%22http%3A%2F%2Fwww.w3.org%2F2000%2Fsvg%22%20width%3D%22150%22%20height%3D%22150%22%20viewBox%3D%220%200%20150%20150%22%3E%3C%2Fsvg%3E\" loading=\"eager\"><\/span><span class=\"fg-image-overlay\"><\/span><\/a><figcaption class=\"fg-caption\"><div class=\"fg-caption-inner\"><div class=\"fg-caption-title\">Wenn Rache nicht gen\u00fcgt<\/div><\/div><\/figcaption><\/figure><div class=\"fg-loader\"><\/div><\/div><div class=\"fg-item fg-type-image fg-idle\"><figure class=\"fg-item-inner\"><a href=\"https:\/\/www.tinas-autorenwelt.de\/wp-content\/uploads\/2021\/01\/Nullzeit.jpg\" data-caption-title=\"Nullzeit\" data-attachment-id=\"1038\" data-type=\"image\" class=\"fg-thumb\"><span class=\"fg-image-wrap\"><img decoding=\"async\" title=\"Nullzeit\" width=\"150\" height=\"150\" class=\"skip-lazy fg-image\" data-src-fg=\"https:\/\/www.tinas-autorenwelt.de\/wp-content\/uploads\/cache\/2021\/01\/Nullzeit\/519168473.jpg\" src=\"data:image\/svg+xml,%3Csvg%20xmlns%3D%22http%3A%2F%2Fwww.w3.org%2F2000%2Fsvg%22%20width%3D%22150%22%20height%3D%22150%22%20viewBox%3D%220%200%20150%20150%22%3E%3C%2Fsvg%3E\" loading=\"eager\"><\/span><span class=\"fg-image-overlay\"><\/span><\/a><figcaption class=\"fg-caption\"><div class=\"fg-caption-inner\"><div class=\"fg-caption-title\">Nullzeit<\/div><\/div><\/figcaption><\/figure><div class=\"fg-loader\"><\/div><\/div><\/div>\n\n\n<div><\/div>","protected":false},"excerpt":{"rendered":"<p>2020 habe ich das erste Mal auf meiner Seite das Projekt Kill the Sub mit einigen Teilnehmern gestartet. Bisher (Oktober 2020) l\u00e4uft es aktiv und da bereits Interesse f\u00fcr 2021 besteht, entsteht hier die neue Seite dazu. F\u00fcr jede bis zum Jahresende gelesene Buch gibt es Punkte. Wer am Ende die meisten Punkte hat, gewinnt. &hellip; <\/p>\n<p class=\"link-more\"><a href=\"https:\/\/www.tinas-autorenwelt.de\/?page_id=930\" class=\"more-link\"><span class=\"screen-reader-text\">\u201eKill the Sub 2021\u201c<\/span> weiterlesen<\/a><\/p>\n","protected":false},"author":1,"featured_media":1006,"parent":0,"menu_order":0,"comment_status":"closed","ping_status":"closed","template":"","meta":{"footnotes":""},"class_list":["post-930","page","type-page","status-publish","has-post-thumbnail","hentry"],"yoast_head":"<!-- This site is optimized with the Yoast SEO plugin v26.2 - https:\/\/yoast.com\/wordpress\/plugins\/seo\/ -->\n<title>Kill the Sub 2021 - Tinas Autorenwelt - bunt und lebendig<\/title>\n<meta name=\"description\" content=\"Kill the SuB (Stapel ungelesener B\u00fccher) hie\u00df es im Jahr 2021. Wir hatten jeden Menge gemeinsamen Lesespa\u00df und du?\" \/>\n<meta name=\"robots\" content=\"index, follow, max-snippet:-1, max-image-preview:large, max-video-preview:-1\" \/>\n<link rel=\"canonical\" href=\"https:\/\/www.tinas-autorenwelt.de\/?page_id=930\" \/>\n<meta property=\"og:locale\" content=\"de_DE\" \/>\n<meta property=\"og:type\" content=\"article\" \/>\n<meta property=\"og:title\" content=\"Kill the Sub 2021 - Tinas Autorenwelt - bunt und lebendig\" \/>\n<meta property=\"og:description\" content=\"Kill the SuB (Stapel ungelesener B\u00fccher) hie\u00df es im Jahr 2021. Wir hatten jeden Menge gemeinsamen Lesespa\u00df und du?\" \/>\n<meta property=\"og:url\" content=\"https:\/\/www.tinas-autorenwelt.de\/?page_id=930\" \/>\n<meta property=\"og:site_name\" content=\"Tinas Autorenwelt - bunt und lebendig\" \/>\n<meta property=\"article:modified_time\" content=\"2022-12-08T13:38:39+00:00\" \/>\n<meta property=\"og:image\" content=\"https:\/\/www.tinas-autorenwelt.de\/wp-content\/uploads\/2021\/01\/Killthesub21-1024x496.png\" \/>\n\t<meta property=\"og:image:width\" content=\"1024\" \/>\n\t<meta property=\"og:image:height\" content=\"496\" \/>\n\t<meta property=\"og:image:type\" content=\"image\/png\" \/>\n<meta name=\"twitter:card\" content=\"summary_large_image\" \/>\n<meta name=\"twitter:label1\" content=\"Gesch\u00e4tzte Lesezeit\" \/>\n\t<meta name=\"twitter:data1\" content=\"3\u00a0Minuten\" \/>\n<script type=\"application\/ld+json\" class=\"yoast-schema-graph\">{\"@context\":\"https:\/\/schema.org\",\"@graph\":[{\"@type\":\"WebPage\",\"@id\":\"https:\/\/www.tinas-autorenwelt.de\/?page_id=930\",\"url\":\"https:\/\/www.tinas-autorenwelt.de\/?page_id=930\",\"name\":\"Kill the Sub 2021 - Tinas Autorenwelt - bunt und lebendig\",\"isPartOf\":{\"@id\":\"https:\/\/www.tinas-autorenwelt.de\/#website\"},\"primaryImageOfPage\":{\"@id\":\"https:\/\/www.tinas-autorenwelt.de\/?page_id=930#primaryimage\"},\"image\":{\"@id\":\"https:\/\/www.tinas-autorenwelt.de\/?page_id=930#primaryimage\"},\"thumbnailUrl\":\"https:\/\/www.tinas-autorenwelt.de\/wp-content\/uploads\/2021\/01\/Killthesub21.png\",\"datePublished\":\"2020-10-15T15:26:22+00:00\",\"dateModified\":\"2022-12-08T13:38:39+00:00\",\"description\":\"Kill the SuB (Stapel ungelesener B\u00fccher) hie\u00df es im Jahr 2021. Wir hatten jeden Menge gemeinsamen Lesespa\u00df und du?\",\"breadcrumb\":{\"@id\":\"https:\/\/www.tinas-autorenwelt.de\/?page_id=930#breadcrumb\"},\"inLanguage\":\"de\",\"potentialAction\":[{\"@type\":\"ReadAction\",\"target\":[\"https:\/\/www.tinas-autorenwelt.de\/?page_id=930\"]}]},{\"@type\":\"ImageObject\",\"inLanguage\":\"de\",\"@id\":\"https:\/\/www.tinas-autorenwelt.de\/?page_id=930#primaryimage\",\"url\":\"https:\/\/www.tinas-autorenwelt.de\/wp-content\/uploads\/2021\/01\/Killthesub21.png\",\"contentUrl\":\"https:\/\/www.tinas-autorenwelt.de\/wp-content\/uploads\/2021\/01\/Killthesub21.png\",\"width\":1686,\"height\":816},{\"@type\":\"BreadcrumbList\",\"@id\":\"https:\/\/www.tinas-autorenwelt.de\/?page_id=930#breadcrumb\",\"itemListElement\":[{\"@type\":\"ListItem\",\"position\":1,\"name\":\"Startseite\",\"item\":\"https:\/\/www.tinas-autorenwelt.de\/\"},{\"@type\":\"ListItem\",\"position\":2,\"name\":\"Kill the Sub 2021\"}]},{\"@type\":\"WebSite\",\"@id\":\"https:\/\/www.tinas-autorenwelt.de\/#website\",\"url\":\"https:\/\/www.tinas-autorenwelt.de\/\",\"name\":\"Tinas Autorenwelt - bunt und lebendig\",\"description\":\"\",\"potentialAction\":[{\"@type\":\"SearchAction\",\"target\":{\"@type\":\"EntryPoint\",\"urlTemplate\":\"https:\/\/www.tinas-autorenwelt.de\/?s={search_term_string}\"},\"query-input\":{\"@type\":\"PropertyValueSpecification\",\"valueRequired\":true,\"valueName\":\"search_term_string\"}}],\"inLanguage\":\"de\"}]}<\/script>\n<!-- \/ Yoast SEO plugin. -->","yoast_head_json":{"title":"Kill the Sub 2021 - Tinas Autorenwelt - bunt und lebendig","description":"Kill the SuB (Stapel ungelesener B\u00fccher) hie\u00df es im Jahr 2021. Wir hatten jeden Menge gemeinsamen Lesespa\u00df und du?","robots":{"index":"index","follow":"follow","max-snippet":"max-snippet:-1","max-image-preview":"max-image-preview:large","max-video-preview":"max-video-preview:-1"},"canonical":"https:\/\/www.tinas-autorenwelt.de\/?page_id=930","og_locale":"de_DE","og_type":"article","og_title":"Kill the Sub 2021 - Tinas Autorenwelt - bunt und lebendig","og_description":"Kill the SuB (Stapel ungelesener B\u00fccher) hie\u00df es im Jahr 2021. Wir hatten jeden Menge gemeinsamen Lesespa\u00df und du?","og_url":"https:\/\/www.tinas-autorenwelt.de\/?page_id=930","og_site_name":"Tinas Autorenwelt - bunt und lebendig","article_modified_time":"2022-12-08T13:38:39+00:00","og_image":[{"width":1024,"height":496,"url":"https:\/\/www.tinas-autorenwelt.de\/wp-content\/uploads\/2021\/01\/Killthesub21-1024x496.png","type":"image\/png"}],"twitter_card":"summary_large_image","twitter_misc":{"Gesch\u00e4tzte Lesezeit":"3\u00a0Minuten"},"schema":{"@context":"https:\/\/schema.org","@graph":[{"@type":"WebPage","@id":"https:\/\/www.tinas-autorenwelt.de\/?page_id=930","url":"https:\/\/www.tinas-autorenwelt.de\/?page_id=930","name":"Kill the Sub 2021 - Tinas Autorenwelt - bunt und lebendig","isPartOf":{"@id":"https:\/\/www.tinas-autorenwelt.de\/#website"},"primaryImageOfPage":{"@id":"https:\/\/www.tinas-autorenwelt.de\/?page_id=930#primaryimage"},"image":{"@id":"https:\/\/www.tinas-autorenwelt.de\/?page_id=930#primaryimage"},"thumbnailUrl":"https:\/\/www.tinas-autorenwelt.de\/wp-content\/uploads\/2021\/01\/Killthesub21.png","datePublished":"2020-10-15T15:26:22+00:00","dateModified":"2022-12-08T13:38:39+00:00","description":"Kill the SuB (Stapel ungelesener B\u00fccher) hie\u00df es im Jahr 2021. Wir hatten jeden Menge gemeinsamen Lesespa\u00df und du?","breadcrumb":{"@id":"https:\/\/www.tinas-autorenwelt.de\/?page_id=930#breadcrumb"},"inLanguage":"de","potentialAction":[{"@type":"ReadAction","target":["https:\/\/www.tinas-autorenwelt.de\/?page_id=930"]}]},{"@type":"ImageObject","inLanguage":"de","@id":"https:\/\/www.tinas-autorenwelt.de\/?page_id=930#primaryimage","url":"https:\/\/www.tinas-autorenwelt.de\/wp-content\/uploads\/2021\/01\/Killthesub21.png","contentUrl":"https:\/\/www.tinas-autorenwelt.de\/wp-content\/uploads\/2021\/01\/Killthesub21.png","width":1686,"height":816},{"@type":"BreadcrumbList","@id":"https:\/\/www.tinas-autorenwelt.de\/?page_id=930#breadcrumb","itemListElement":[{"@type":"ListItem","position":1,"name":"Startseite","item":"https:\/\/www.tinas-autorenwelt.de\/"},{"@type":"ListItem","position":2,"name":"Kill the Sub 2021"}]},{"@type":"WebSite","@id":"https:\/\/www.tinas-autorenwelt.de\/#website","url":"https:\/\/www.tinas-autorenwelt.de\/","name":"Tinas Autorenwelt - bunt und lebendig","description":"","potentialAction":[{"@type":"SearchAction","target":{"@type":"EntryPoint","urlTemplate":"https:\/\/www.tinas-autorenwelt.de\/?s={search_term_string}"},"query-input":{"@type":"PropertyValueSpecification","valueRequired":true,"valueName":"search_term_string"}}],"inLanguage":"de"}]}},"_links":{"self":[{"href":"https:\/\/www.tinas-autorenwelt.de\/index.php?rest_route=\/wp\/v2\/pages\/930","targetHints":{"allow":["GET"]}}],"collection":[{"href":"https:\/\/www.tinas-autorenwelt.de\/index.php?rest_route=\/wp\/v2\/pages"}],"about":[{"href":"https:\/\/www.tinas-autorenwelt.de\/index.php?rest_route=\/wp\/v2\/types\/page"}],"author":[{"embeddable":true,"href":"https:\/\/www.tinas-autorenwelt.de\/index.php?rest_route=\/wp\/v2\/users\/1"}],"replies":[{"embeddable":true,"href":"https:\/\/www.tinas-autorenwelt.de\/index.php?rest_route=%2Fwp%2Fv2%2Fcomments&post=930"}],"version-history":[{"count":23,"href":"https:\/\/www.tinas-autorenwelt.de\/index.php?rest_route=\/wp\/v2\/pages\/930\/revisions"}],"predecessor-version":[{"id":1246,"href":"https:\/\/www.tinas-autorenwelt.de\/index.php?rest_route=\/wp\/v2\/pages\/930\/revisions\/1246"}],"wp:featuredmedia":[{"embeddable":true,"href":"https:\/\/www.tinas-autorenwelt.de\/index.php?rest_route=\/wp\/v2\/media\/1006"}],"wp:attachment":[{"href":"https:\/\/www.tinas-autorenwelt.de\/index.php?rest_route=%2Fwp%2Fv2%2Fmedia&parent=930"}],"curies":[{"name":"wp","href":"https:\/\/api.w.org\/{rel}","templated":true}]}}